{"id":3936,"date":"2021-06-24T15:02:40","date_gmt":"2021-06-24T15:02:40","guid":{"rendered":"https:\/\/biblioargentina.gob.ar\/web\/?page_id=3936"},"modified":"2025-12-11T10:28:02","modified_gmt":"2025-12-11T10:28:02","slug":"servicios","status":"publish","type":"page","link":"https:\/\/biblioargentina.gob.ar\/web\/servicios\/","title":{"rendered":"Servicios"},"content":{"rendered":"\n<div class=\"wp-block-columns is-layout-flex wp-container-core-columns-is-layout-28f84493 wp-block-columns-is-layout-flex\">\n<div class=\"wp-block-column is-layout-flow wp-block-column-is-layout-flow\">\n<figure class=\"wp-block-image alignleft size-full is-resized is-style-rounded\"><img loading=\"lazy\" decoding=\"async\" width=\"800\" height=\"533\" src=\"https:\/\/biblioargentina.gob.ar\/web\/wp-content\/uploads\/2025\/04\/Proyectos-sociales.png\" alt=\"\" class=\"wp-image-20087\" style=\"width:150px;height:150px\" srcset=\"https:\/\/biblioargentina.gob.ar\/web\/wp-content\/uploads\/2025\/04\/Proyectos-sociales.png 800w, https:\/\/biblioargentina.gob.ar\/web\/wp-content\/uploads\/2025\/04\/Proyectos-sociales-300x200.png 300w, https:\/\/biblioargentina.gob.ar\/web\/wp-content\/uploads\/2025\/04\/Proyectos-sociales-768x512.png 768w\" sizes=\"auto, (max-width: 800px) 100vw, 800px\" \/><\/figure>\n\n\n\n<blockquote class=\"wp-block-quote has-text-align-center is-style-large is-layout-flow wp-block-quote-is-layout-flow\">\n<h2 class=\"wp-block-heading\"><a href=\"https:\/\/biblioargentina.gob.ar\/web\/proyectos-sociales-de-la-biblioteca-argentina-con-instituciones-de-rosario\/\">Proyectos sociales de la Biblioteca Argentina<\/a><\/h2>\n<\/blockquote>\n<\/div>\n\n\n\n<div class=\"wp-block-column is-layout-flow wp-block-column-is-layout-flow\">\n<figure class=\"wp-block-image alignleft size-full is-resized is-style-rounded\"><img loading=\"lazy\" decoding=\"async\" width=\"2560\" height=\"2560\" src=\"https:\/\/biblioargentina.gob.ar\/web\/wp-content\/uploads\/2023\/09\/Entrada-corregida-scaled.jpg\" alt=\"Foto de la entrada antigua de la Biblioteca Argentina Dr. Juan \u00c1lvarez.\" class=\"wp-image-15344\" style=\"width:150px;height:150px\" srcset=\"https:\/\/biblioargentina.gob.ar\/web\/wp-content\/uploads\/2023\/09\/Entrada-corregida-scaled.jpg 2560w, https:\/\/biblioargentina.gob.ar\/web\/wp-content\/uploads\/2023\/09\/Entrada-corregida-300x300.jpg 300w, https:\/\/biblioargentina.gob.ar\/web\/wp-content\/uploads\/2023\/09\/Entrada-corregida-1024x1024.jpg 1024w, https:\/\/biblioargentina.gob.ar\/web\/wp-content\/uploads\/2023\/09\/Entrada-corregida-150x150.jpg 150w, https:\/\/biblioargentina.gob.ar\/web\/wp-content\/uploads\/2023\/09\/Entrada-corregida-768x768.jpg 768w, https:\/\/biblioargentina.gob.ar\/web\/wp-content\/uploads\/2023\/09\/Entrada-corregida-1536x1536.jpg 1536w, https:\/\/biblioargentina.gob.ar\/web\/wp-content\/uploads\/2023\/09\/Entrada-corregida-2048x2048.jpg 2048w, https:\/\/biblioargentina.gob.ar\/web\/wp-content\/uploads\/2023\/09\/Entrada-corregida-720x720.jpg 720w, https:\/\/biblioargentina.gob.ar\/web\/wp-content\/uploads\/2023\/09\/Entrada-corregida-360x360.jpg 360w\" sizes=\"auto, (max-width: 2560px) 100vw, 2560px\" \/><\/figure>\n\n\n\n<blockquote class=\"wp-block-quote has-text-align-center is-style-large is-layout-flow wp-block-quote-is-layout-flow\">\n<h2 class=\"wp-block-heading\"><a href=\"https:\/\/biblioargentina.gob.ar\/web\/agenda\/\">Agenda<\/a><\/h2>\n<\/blockquote>\n<\/div>\n<\/div>\n\n\n\n<div class=\"wp-block-columns is-layout-flex wp-container-core-columns-is-layout-28f84493 wp-block-columns-is-layout-flex\">\n<div class=\"wp-block-column is-layout-flow wp-block-column-is-layout-flow\">\n<figure class=\"wp-block-image alignleft size-full is-resized is-style-rounded\"><img loading=\"lazy\" decoding=\"async\" width=\"2560\" height=\"2560\" src=\"https:\/\/biblioargentina.gob.ar\/web\/wp-content\/uploads\/2023\/09\/Entrada-corregida-scaled.jpg\" alt=\"Foto de la entrada antigua de la Biblioteca Argentina Dr. Juan \u00c1lvarez.\" class=\"wp-image-15344\" style=\"width:150px;height:150px\" srcset=\"https:\/\/biblioargentina.gob.ar\/web\/wp-content\/uploads\/2023\/09\/Entrada-corregida-scaled.jpg 2560w, https:\/\/biblioargentina.gob.ar\/web\/wp-content\/uploads\/2023\/09\/Entrada-corregida-300x300.jpg 300w, https:\/\/biblioargentina.gob.ar\/web\/wp-content\/uploads\/2023\/09\/Entrada-corregida-1024x1024.jpg 1024w, https:\/\/biblioargentina.gob.ar\/web\/wp-content\/uploads\/2023\/09\/Entrada-corregida-150x150.jpg 150w, https:\/\/biblioargentina.gob.ar\/web\/wp-content\/uploads\/2023\/09\/Entrada-corregida-768x768.jpg 768w, https:\/\/biblioargentina.gob.ar\/web\/wp-content\/uploads\/2023\/09\/Entrada-corregida-1536x1536.jpg 1536w, https:\/\/biblioargentina.gob.ar\/web\/wp-content\/uploads\/2023\/09\/Entrada-corregida-2048x2048.jpg 2048w, https:\/\/biblioargentina.gob.ar\/web\/wp-content\/uploads\/2023\/09\/Entrada-corregida-720x720.jpg 720w, https:\/\/biblioargentina.gob.ar\/web\/wp-content\/uploads\/2023\/09\/Entrada-corregida-360x360.jpg 360w\" sizes=\"auto, (max-width: 2560px) 100vw, 2560px\" \/><\/figure>\n\n\n\n<blockquote class=\"wp-block-quote has-text-align-center is-style-large is-layout-flow wp-block-quote-is-layout-flow\">\n<h2 class=\"wp-block-heading\"><a href=\"https:\/\/biblio.rosario.gob.ar\/\" data-type=\"link\" data-id=\"https:\/\/biblio.rosario.gob.ar\/\">Cat\u00e1logo<\/a><\/h2>\n<\/blockquote>\n<\/div>\n\n\n\n<div class=\"wp-block-column is-layout-flow wp-block-column-is-layout-flow\">\n<figure class=\"wp-block-image alignleft size-full is-resized is-style-rounded\"><img loading=\"lazy\" decoding=\"async\" width=\"400\" height=\"289\" src=\"https:\/\/biblioargentina.gob.ar\/web\/wp-content\/uploads\/2024\/09\/imagen-para-noticias-y-agenda-5.png\" alt=\"\" class=\"wp-image-18632\" style=\"width:150px;height:150px\" srcset=\"https:\/\/biblioargentina.gob.ar\/web\/wp-content\/uploads\/2024\/09\/imagen-para-noticias-y-agenda-5.png 400w, https:\/\/biblioargentina.gob.ar\/web\/wp-content\/uploads\/2024\/09\/imagen-para-noticias-y-agenda-5-300x217.png 300w\" sizes=\"auto, (max-width: 400px) 100vw, 400px\" \/><\/figure>\n\n\n\n<blockquote class=\"wp-block-quote has-text-align-center is-style-large is-layout-flow wp-block-quote-is-layout-flow\">\n<h2 class=\"wp-block-heading\"><a href=\"https:\/\/biblioargentina.gob.ar\/web\/club-de-cuenteras-y-cuenteros\/\" data-type=\"link\" data-id=\"https:\/\/biblioargentina.gob.ar\/web\/club-de-cuenteras-y-cuenteros\/\">Club de cuenteras y cuenteros<\/a><\/h2>\n<\/blockquote>\n<\/div>\n<\/div>\n\n\n\n<div class=\"wp-block-columns is-layout-flex wp-container-core-columns-is-layout-28f84493 wp-block-columns-is-layout-flex\">\n<div class=\"wp-block-column is-layout-flow wp-block-column-is-layout-flow\">\n<figure class=\"wp-block-image alignleft size-full is-resized is-style-rounded\"><img loading=\"lazy\" decoding=\"async\" width=\"2560\" height=\"2560\" src=\"https:\/\/biblioargentina.gob.ar\/web\/wp-content\/uploads\/2023\/09\/Entrada-corregida-scaled.jpg\" alt=\"Foto de la entrada antigua de la Biblioteca Argentina Dr. Juan \u00c1lvarez.\" class=\"wp-image-15344\" style=\"width:150px;height:150px\" srcset=\"https:\/\/biblioargentina.gob.ar\/web\/wp-content\/uploads\/2023\/09\/Entrada-corregida-scaled.jpg 2560w, https:\/\/biblioargentina.gob.ar\/web\/wp-content\/uploads\/2023\/09\/Entrada-corregida-300x300.jpg 300w, https:\/\/biblioargentina.gob.ar\/web\/wp-content\/uploads\/2023\/09\/Entrada-corregida-1024x1024.jpg 1024w, https:\/\/biblioargentina.gob.ar\/web\/wp-content\/uploads\/2023\/09\/Entrada-corregida-150x150.jpg 150w, https:\/\/biblioargentina.gob.ar\/web\/wp-content\/uploads\/2023\/09\/Entrada-corregida-768x768.jpg 768w, https:\/\/biblioargentina.gob.ar\/web\/wp-content\/uploads\/2023\/09\/Entrada-corregida-1536x1536.jpg 1536w, https:\/\/biblioargentina.gob.ar\/web\/wp-content\/uploads\/2023\/09\/Entrada-corregida-2048x2048.jpg 2048w, https:\/\/biblioargentina.gob.ar\/web\/wp-content\/uploads\/2023\/09\/Entrada-corregida-720x720.jpg 720w, https:\/\/biblioargentina.gob.ar\/web\/wp-content\/uploads\/2023\/09\/Entrada-corregida-360x360.jpg 360w\" sizes=\"auto, (max-width: 2560px) 100vw, 2560px\" \/><\/figure>\n\n\n\n<blockquote class=\"wp-block-quote has-text-align-center is-style-large is-layout-flow wp-block-quote-is-layout-flow\">\n<h2 class=\"wp-block-heading\"><a href=\"https:\/\/biblioargentina.gob.ar\/web\/contacto\/\" data-type=\"link\" data-id=\"https:\/\/biblioargentina.gob.ar\/web\/contacto\/\">Contacto<\/a><\/h2>\n<\/blockquote>\n<\/div>\n\n\n\n<div class=\"wp-block-column is-layout-flow wp-block-column-is-layout-flow\">\n<figure class=\"wp-block-image alignleft size-full is-resized is-style-rounded\"><img loading=\"lazy\" decoding=\"async\" width=\"400\" height=\"400\" src=\"https:\/\/biblioargentina.gob.ar\/web\/wp-content\/uploads\/2022\/06\/imagen-wordPress-sala-de-trabajo-grupal.png\" alt=\"Sala de trabajo grupal. Un espacio de trabajo para reuniones grupales.\" class=\"wp-image-9140\" style=\"width:150px;height:150px\" srcset=\"https:\/\/biblioargentina.gob.ar\/web\/wp-content\/uploads\/2022\/06\/imagen-wordPress-sala-de-trabajo-grupal.png 400w, https:\/\/biblioargentina.gob.ar\/web\/wp-content\/uploads\/2022\/06\/imagen-wordPress-sala-de-trabajo-grupal-300x300.png 300w, https:\/\/biblioargentina.gob.ar\/web\/wp-content\/uploads\/2022\/06\/imagen-wordPress-sala-de-trabajo-grupal-150x150.png 150w, https:\/\/biblioargentina.gob.ar\/web\/wp-content\/uploads\/2022\/06\/imagen-wordPress-sala-de-trabajo-grupal-360x360.png 360w\" sizes=\"auto, (max-width: 400px) 100vw, 400px\" \/><\/figure>\n\n\n\n<blockquote class=\"wp-block-quote has-text-align-center is-style-large is-layout-flow wp-block-quote-is-layout-flow\">\n<h2 class=\"wp-block-heading\"><a href=\"https:\/\/biblioargentina.gob.ar\/web\/sala-de-trabajo-grupal\/\" data-type=\"link\" data-id=\"https:\/\/biblioargentina.gob.ar\/web\/sala-de-trabajo-grupal\/\">Sala de trabajo grupal<\/a><\/h2>\n\n\n\n<p class=\"has-text-align-center has-medium-font-size\">Servicio gratuito para reuniones grupales presenciales<\/p>\n<\/blockquote>\n<\/div>\n<\/div>\n\n\n\n<div class=\"wp-block-columns is-layout-flex wp-container-core-columns-is-layout-28f84493 wp-block-columns-is-layout-flex\">\n<div class=\"wp-block-column is-layout-flow wp-block-column-is-layout-flow\">\n<figure class=\"wp-block-image alignleft size-full is-resized is-style-rounded\"><img loading=\"lazy\" decoding=\"async\" width=\"2560\" height=\"2560\" src=\"https:\/\/biblioargentina.gob.ar\/web\/wp-content\/uploads\/2023\/09\/Entrada-corregida-scaled.jpg\" alt=\"Foto de la entrada antigua de la Biblioteca Argentina Dr. Juan \u00c1lvarez.\" class=\"wp-image-15344\" style=\"width:150px;height:150px\" srcset=\"https:\/\/biblioargentina.gob.ar\/web\/wp-content\/uploads\/2023\/09\/Entrada-corregida-scaled.jpg 2560w, https:\/\/biblioargentina.gob.ar\/web\/wp-content\/uploads\/2023\/09\/Entrada-corregida-300x300.jpg 300w, https:\/\/biblioargentina.gob.ar\/web\/wp-content\/uploads\/2023\/09\/Entrada-corregida-1024x1024.jpg 1024w, https:\/\/biblioargentina.gob.ar\/web\/wp-content\/uploads\/2023\/09\/Entrada-corregida-150x150.jpg 150w, https:\/\/biblioargentina.gob.ar\/web\/wp-content\/uploads\/2023\/09\/Entrada-corregida-768x768.jpg 768w, https:\/\/biblioargentina.gob.ar\/web\/wp-content\/uploads\/2023\/09\/Entrada-corregida-1536x1536.jpg 1536w, https:\/\/biblioargentina.gob.ar\/web\/wp-content\/uploads\/2023\/09\/Entrada-corregida-2048x2048.jpg 2048w, https:\/\/biblioargentina.gob.ar\/web\/wp-content\/uploads\/2023\/09\/Entrada-corregida-720x720.jpg 720w, https:\/\/biblioargentina.gob.ar\/web\/wp-content\/uploads\/2023\/09\/Entrada-corregida-360x360.jpg 360w\" sizes=\"auto, (max-width: 2560px) 100vw, 2560px\" \/><\/figure>\n\n\n\n<blockquote class=\"wp-block-quote has-text-align-center is-style-large is-layout-flow wp-block-quote-is-layout-flow\">\n<h2 class=\"wp-block-heading\"><a href=\"https:\/\/biblioargentina.gob.ar\/web\/talleres-2025\/\" data-type=\"link\" data-id=\"https:\/\/biblioargentina.gob.ar\/web\/talleres-2025\/\">Talleres gratuitos<\/a><\/h2>\n<\/blockquote>\n<\/div>\n\n\n\n<div class=\"wp-block-column is-layout-flow wp-block-column-is-layout-flow\"><\/div>\n<\/div>\n\n\n\n<h1 class=\"wp-block-heading\">Mediaci\u00f3n de lectura<\/h1>\n\n\n\n<div class=\"wp-block-columns is-layout-flex wp-container-core-columns-is-layout-28f84493 wp-block-columns-is-layout-flex\">\n<div class=\"wp-block-column is-layout-flow wp-block-column-is-layout-flow\">\n<figure class=\"wp-block-image alignleft size-full is-resized is-style-rounded\"><img loading=\"lazy\" decoding=\"async\" width=\"1080\" height=\"1350\" src=\"https:\/\/biblioargentina.gob.ar\/web\/wp-content\/uploads\/2025\/07\/Comunidades-lectoras.png\" alt=\"\" class=\"wp-image-20503\" style=\"width:150px;height:150px\" srcset=\"https:\/\/biblioargentina.gob.ar\/web\/wp-content\/uploads\/2025\/07\/Comunidades-lectoras.png 1080w, https:\/\/biblioargentina.gob.ar\/web\/wp-content\/uploads\/2025\/07\/Comunidades-lectoras-240x300.png 240w, https:\/\/biblioargentina.gob.ar\/web\/wp-content\/uploads\/2025\/07\/Comunidades-lectoras-819x1024.png 819w, https:\/\/biblioargentina.gob.ar\/web\/wp-content\/uploads\/2025\/07\/Comunidades-lectoras-768x960.png 768w\" sizes=\"auto, (max-width: 1080px) 100vw, 1080px\" \/><\/figure>\n\n\n\n<blockquote class=\"wp-block-quote has-text-align-center is-style-large is-layout-flow wp-block-quote-is-layout-flow\">\n<h2 class=\"wp-block-heading\"><a href=\"https:\/\/biblioargentina.gob.ar\/web\/comunidades-lectoras\/\" data-type=\"link\" data-id=\"https:\/\/biblioargentina.gob.ar\/web\/comunidades-lectoras\/\">Comunidades lectoras<\/a><\/h2>\n<\/blockquote>\n<\/div>\n\n\n\n<div class=\"wp-block-column is-layout-flow wp-block-column-is-layout-flow\">\n<blockquote class=\"wp-block-quote has-text-align-center is-style-large is-layout-flow wp-block-quote-is-layout-flow\">\n<h2 class=\"wp-block-heading\"><\/h2>\n<\/blockquote>\n<\/div>\n<\/div>\n\n\n\n<h1 class=\"wp-block-heading\">De lectura<\/h1>\n\n\n\n<div class=\"wp-block-columns is-layout-flex wp-container-core-columns-is-layout-28f84493 wp-block-columns-is-layout-flex\">\n<div class=\"wp-block-column is-layout-flow wp-block-column-is-layout-flow\">\n<figure class=\"wp-block-image alignleft size-full is-resized is-style-rounded\"><img loading=\"lazy\" decoding=\"async\" width=\"400\" height=\"400\" src=\"https:\/\/biblioargentina.gob.ar\/web\/wp-content\/uploads\/2021\/11\/imagen-wordPress-la-casa-imaginada.png\" alt=\"En la imagen se observan dibujadas tres colinas de diferentes tama\u00f1os y, sobre la del medio, una casa con techo a dos aguas.\" class=\"wp-image-6494\" style=\"width:150px;height:150px\" srcset=\"https:\/\/biblioargentina.gob.ar\/web\/wp-content\/uploads\/2021\/11\/imagen-wordPress-la-casa-imaginada.png 400w, https:\/\/biblioargentina.gob.ar\/web\/wp-content\/uploads\/2021\/11\/imagen-wordPress-la-casa-imaginada-300x300.png 300w, https:\/\/biblioargentina.gob.ar\/web\/wp-content\/uploads\/2021\/11\/imagen-wordPress-la-casa-imaginada-150x150.png 150w, https:\/\/biblioargentina.gob.ar\/web\/wp-content\/uploads\/2021\/11\/imagen-wordPress-la-casa-imaginada-360x360.png 360w\" sizes=\"auto, (max-width: 400px) 100vw, 400px\" \/><\/figure>\n\n\n\n<blockquote class=\"wp-block-quote has-text-align-center is-style-large is-layout-flow wp-block-quote-is-layout-flow\">\n<h2 class=\"wp-block-heading\"><a href=\"https:\/\/biblioargentina.gob.ar\/web\/la-casa-imaginada\/\">Casa Imaginada<\/a><\/h2>\n\n\n\n<p class=\"has-medium-font-size\">Para infancias y juventudes<\/p>\n<\/blockquote>\n<\/div>\n\n\n\n<div class=\"wp-block-column is-layout-flow wp-block-column-is-layout-flow\">\n<figure class=\"wp-block-image alignleft size-full is-resized is-style-rounded\"><img loading=\"lazy\" decoding=\"async\" width=\"400\" height=\"400\" src=\"https:\/\/biblioargentina.gob.ar\/web\/wp-content\/uploads\/2023\/09\/imagen-wordpress-prestamo-de-libros-2023.png\" alt=\"Foto del sector de pr\u00e9stamo de libros donde se ubican una serie de mesas, a modo de mostradores, y computadoras sobre ellas. Se observa personal del servicio sentada atendiendo a una mujer que est\u00e1 escribiendo inclinada sobre una de las mesas frente a ella.\" class=\"wp-image-15188\" style=\"width:150px;height:150px\" srcset=\"https:\/\/biblioargentina.gob.ar\/web\/wp-content\/uploads\/2023\/09\/imagen-wordpress-prestamo-de-libros-2023.png 400w, https:\/\/biblioargentina.gob.ar\/web\/wp-content\/uploads\/2023\/09\/imagen-wordpress-prestamo-de-libros-2023-300x300.png 300w, https:\/\/biblioargentina.gob.ar\/web\/wp-content\/uploads\/2023\/09\/imagen-wordpress-prestamo-de-libros-2023-150x150.png 150w, https:\/\/biblioargentina.gob.ar\/web\/wp-content\/uploads\/2023\/09\/imagen-wordpress-prestamo-de-libros-2023-360x360.png 360w\" sizes=\"auto, (max-width: 400px) 100vw, 400px\" \/><\/figure>\n\n\n\n<blockquote class=\"wp-block-quote has-text-align-center is-style-large is-layout-flow wp-block-quote-is-layout-flow\">\n<h2 class=\"wp-block-heading\"><a href=\"https:\/\/biblioargentina.gob.ar\/web\/prestamo-de-libros\/\">Pr\u00e9stamo de libros<\/a><\/h2>\n<\/blockquote>\n<\/div>\n<\/div>\n\n\n\n<div class=\"wp-block-columns is-layout-flex wp-container-core-columns-is-layout-28f84493 wp-block-columns-is-layout-flex\">\n<div class=\"wp-block-column is-layout-flow wp-block-column-is-layout-flow\">\n<figure class=\"wp-block-image alignleft size-full is-resized is-style-rounded\"><img loading=\"lazy\" decoding=\"async\" width=\"2560\" height=\"1707\" src=\"https:\/\/biblioargentina.gob.ar\/web\/wp-content\/uploads\/2024\/05\/sala-de-lectura-alfredo-lovell-scaled.jpg\" alt=\"\" class=\"wp-image-17595\" style=\"width:150px;height:150px\" srcset=\"https:\/\/biblioargentina.gob.ar\/web\/wp-content\/uploads\/2024\/05\/sala-de-lectura-alfredo-lovell-scaled.jpg 2560w, https:\/\/biblioargentina.gob.ar\/web\/wp-content\/uploads\/2024\/05\/sala-de-lectura-alfredo-lovell-300x200.jpg 300w, https:\/\/biblioargentina.gob.ar\/web\/wp-content\/uploads\/2024\/05\/sala-de-lectura-alfredo-lovell-1024x683.jpg 1024w, https:\/\/biblioargentina.gob.ar\/web\/wp-content\/uploads\/2024\/05\/sala-de-lectura-alfredo-lovell-768x512.jpg 768w, https:\/\/biblioargentina.gob.ar\/web\/wp-content\/uploads\/2024\/05\/sala-de-lectura-alfredo-lovell-1536x1024.jpg 1536w, https:\/\/biblioargentina.gob.ar\/web\/wp-content\/uploads\/2024\/05\/sala-de-lectura-alfredo-lovell-2048x1365.jpg 2048w\" sizes=\"auto, (max-width: 2560px) 100vw, 2560px\" \/><\/figure>\n\n\n\n<blockquote class=\"wp-block-quote has-text-align-center is-style-large is-layout-flow wp-block-quote-is-layout-flow\">\n<h2 class=\"wp-block-heading\"><a href=\"https:\/\/biblioargentina.gob.ar\/web\/sala-de-lectura-alfredo-lovell\/\">Sala de lectura Alfredo Lovell<\/a><\/h2>\n<\/blockquote>\n<\/div>\n\n\n\n<div class=\"wp-block-column is-layout-flow wp-block-column-is-layout-flow\">\n<figure class=\"wp-block-image alignleft size-full is-resized is-style-rounded\"><img loading=\"lazy\" decoding=\"async\" width=\"400\" height=\"400\" src=\"https:\/\/biblioargentina.gob.ar\/web\/wp-content\/uploads\/2021\/08\/Imagen-para-WordPress-sala-de-lectura-3.png\" alt=\"Sala de lectura tercer piso\" class=\"wp-image-5237\" style=\"width:150px;height:150px\" srcset=\"https:\/\/biblioargentina.gob.ar\/web\/wp-content\/uploads\/2021\/08\/Imagen-para-WordPress-sala-de-lectura-3.png 400w, https:\/\/biblioargentina.gob.ar\/web\/wp-content\/uploads\/2021\/08\/Imagen-para-WordPress-sala-de-lectura-3-300x300.png 300w, https:\/\/biblioargentina.gob.ar\/web\/wp-content\/uploads\/2021\/08\/Imagen-para-WordPress-sala-de-lectura-3-150x150.png 150w, https:\/\/biblioargentina.gob.ar\/web\/wp-content\/uploads\/2021\/08\/Imagen-para-WordPress-sala-de-lectura-3-360x360.png 360w\" sizes=\"auto, (max-width: 400px) 100vw, 400px\" \/><\/figure>\n\n\n\n<blockquote class=\"wp-block-quote has-text-align-center is-style-large is-layout-flow wp-block-quote-is-layout-flow\">\n<h2 class=\"wp-block-heading\"><a href=\"https:\/\/biblioargentina.gob.ar\/web\/sala-de-lectura-3-piso\/\" data-type=\"link\" data-id=\"https:\/\/biblioargentina.gob.ar\/web\/sala-de-lectura-3-piso\/\">Sala de lectura en tercer piso<\/a><\/h2>\n<\/blockquote>\n<\/div>\n<\/div>\n\n\n\n<div class=\"wp-block-columns is-layout-flex wp-container-core-columns-is-layout-28f84493 wp-block-columns-is-layout-flex\">\n<div class=\"wp-block-column is-layout-flow wp-block-column-is-layout-flow\">\n<figure class=\"wp-block-image alignleft size-full is-resized is-style-rounded\"><img loading=\"lazy\" decoding=\"async\" width=\"400\" height=\"400\" src=\"https:\/\/biblioargentina.gob.ar\/web\/wp-content\/uploads\/2023\/02\/imagen-wordpress-servicio-de-lectura-accesible-2023.png\" alt=\"Personal municipal especializado del Servicio realizando tareas de digitalizaci\u00f3n de un libro. Cr\u00e9dito de la foto: Mariana Terrile.\" class=\"wp-image-12170\" style=\"width:150px;height:150px\" srcset=\"https:\/\/biblioargentina.gob.ar\/web\/wp-content\/uploads\/2023\/02\/imagen-wordpress-servicio-de-lectura-accesible-2023.png 400w, https:\/\/biblioargentina.gob.ar\/web\/wp-content\/uploads\/2023\/02\/imagen-wordpress-servicio-de-lectura-accesible-2023-300x300.png 300w, https:\/\/biblioargentina.gob.ar\/web\/wp-content\/uploads\/2023\/02\/imagen-wordpress-servicio-de-lectura-accesible-2023-150x150.png 150w, https:\/\/biblioargentina.gob.ar\/web\/wp-content\/uploads\/2023\/02\/imagen-wordpress-servicio-de-lectura-accesible-2023-360x360.png 360w\" sizes=\"auto, (max-width: 400px) 100vw, 400px\" \/><\/figure>\n\n\n\n<blockquote class=\"wp-block-quote has-text-align-center is-style-large is-layout-flow wp-block-quote-is-layout-flow\">\n<h2 class=\"wp-block-heading\"><a href=\"https:\/\/biblioargentina.gob.ar\/web\/servicio-de-lectura-accesible\/\" data-type=\"link\" data-id=\"https:\/\/biblioargentina.gob.ar\/web\/servicio-de-lectura-accesible\/\">Servicio de Lectura Accesible<\/a><\/h2>\n<\/blockquote>\n<\/div>\n\n\n\n<div class=\"wp-block-column is-layout-flow wp-block-column-is-layout-flow\">\n<figure class=\"wp-block-image alignleft size-full is-resized is-style-rounded\"><img loading=\"lazy\" decoding=\"async\" width=\"2560\" height=\"2560\" src=\"https:\/\/biblioargentina.gob.ar\/web\/wp-content\/uploads\/2023\/11\/Foto-tramite-para-asociarse-corregida-scaled.jpg\" alt=\"Personal de la Biblioteca Argentina sentado con una computadora y c\u00e1mara sobre el mostrador destinado al tr\u00e1mite para asociarse.\" class=\"wp-image-15913\" style=\"width:150px;height:150px\" srcset=\"https:\/\/biblioargentina.gob.ar\/web\/wp-content\/uploads\/2023\/11\/Foto-tramite-para-asociarse-corregida-scaled.jpg 2560w, https:\/\/biblioargentina.gob.ar\/web\/wp-content\/uploads\/2023\/11\/Foto-tramite-para-asociarse-corregida-300x300.jpg 300w, https:\/\/biblioargentina.gob.ar\/web\/wp-content\/uploads\/2023\/11\/Foto-tramite-para-asociarse-corregida-1024x1024.jpg 1024w, https:\/\/biblioargentina.gob.ar\/web\/wp-content\/uploads\/2023\/11\/Foto-tramite-para-asociarse-corregida-150x150.jpg 150w, https:\/\/biblioargentina.gob.ar\/web\/wp-content\/uploads\/2023\/11\/Foto-tramite-para-asociarse-corregida-768x768.jpg 768w, https:\/\/biblioargentina.gob.ar\/web\/wp-content\/uploads\/2023\/11\/Foto-tramite-para-asociarse-corregida-1536x1536.jpg 1536w, https:\/\/biblioargentina.gob.ar\/web\/wp-content\/uploads\/2023\/11\/Foto-tramite-para-asociarse-corregida-2048x2048.jpg 2048w, https:\/\/biblioargentina.gob.ar\/web\/wp-content\/uploads\/2023\/11\/Foto-tramite-para-asociarse-corregida-720x720.jpg 720w, https:\/\/biblioargentina.gob.ar\/web\/wp-content\/uploads\/2023\/11\/Foto-tramite-para-asociarse-corregida-360x360.jpg 360w\" sizes=\"auto, (max-width: 2560px) 100vw, 2560px\" \/><\/figure>\n\n\n\n<blockquote class=\"wp-block-quote has-text-align-center is-style-large is-layout-flow wp-block-quote-is-layout-flow\">\n<h2 class=\"wp-block-heading\"><a href=\"https:\/\/biblioargentina.gob.ar\/web\/tramite-para-asociarse\/\" data-type=\"link\" data-id=\"https:\/\/biblioargentina.gob.ar\/web\/tramite-para-asociarse\/\">Tr\u00e1mite para asociarse<\/a><\/h2>\n<\/blockquote>\n<\/div>\n<\/div>\n\n\n\n<div class=\"wp-block-columns is-layout-flex wp-container-core-columns-is-layout-28f84493 wp-block-columns-is-layout-flex\">\n<div class=\"wp-block-column is-layout-flow wp-block-column-is-layout-flow\">\n<figure class=\"wp-block-image alignleft size-full is-resized is-style-rounded\"><img loading=\"lazy\" decoding=\"async\" width=\"400\" height=\"400\" src=\"https:\/\/biblioargentina.gob.ar\/web\/wp-content\/uploads\/2023\/04\/imagen-wordpress-referencia-abril-2023.png\" alt=\"Referencia.\" class=\"wp-image-13159\" style=\"width:150px;height:150px\" srcset=\"https:\/\/biblioargentina.gob.ar\/web\/wp-content\/uploads\/2023\/04\/imagen-wordpress-referencia-abril-2023.png 400w, https:\/\/biblioargentina.gob.ar\/web\/wp-content\/uploads\/2023\/04\/imagen-wordpress-referencia-abril-2023-300x300.png 300w, https:\/\/biblioargentina.gob.ar\/web\/wp-content\/uploads\/2023\/04\/imagen-wordpress-referencia-abril-2023-150x150.png 150w, https:\/\/biblioargentina.gob.ar\/web\/wp-content\/uploads\/2023\/04\/imagen-wordpress-referencia-abril-2023-360x360.png 360w\" sizes=\"auto, (max-width: 400px) 100vw, 400px\" \/><\/figure>\n\n\n\n<blockquote class=\"wp-block-quote has-text-align-center is-style-large is-layout-flow wp-block-quote-is-layout-flow\">\n<h2 class=\"wp-block-heading\"><a href=\"https:\/\/biblioargentina.gob.ar\/web\/referencia\/\" data-type=\"link\" data-id=\"https:\/\/biblioargentina.gob.ar\/web\/referencia\/\">Referencia<\/a><\/h2>\n<\/blockquote>\n<\/div>\n\n\n\n<div class=\"wp-block-column is-layout-flow wp-block-column-is-layout-flow\">\n<blockquote class=\"wp-block-quote has-text-align-center is-style-large is-layout-flow wp-block-quote-is-layout-flow\">\n<h2 class=\"wp-block-heading\"><\/h2>\n<\/blockquote>\n<\/div>\n<\/div>\n\n\n\n<h1 class=\"wp-block-heading\">De informaci\u00f3n<\/h1>\n\n\n\n<div class=\"wp-block-columns is-layout-flex wp-container-core-columns-is-layout-28f84493 wp-block-columns-is-layout-flex\">\n<div class=\"wp-block-column is-layout-flow wp-block-column-is-layout-flow\">\n<figure class=\"wp-block-image alignleft size-full is-resized is-style-rounded\"><img loading=\"lazy\" decoding=\"async\" width=\"400\" height=\"400\" src=\"https:\/\/biblioargentina.gob.ar\/web\/wp-content\/uploads\/2021\/05\/Imagen-para-WordPress-HEMEROTECA.png\" alt=\"Imagen ilustrativa. Se leen las letras may\u00fasculas HMT y debajo HEMEROTECA.\" class=\"wp-image-3580\" style=\"width:150px;height:150px\" srcset=\"https:\/\/biblioargentina.gob.ar\/web\/wp-content\/uploads\/2021\/05\/Imagen-para-WordPress-HEMEROTECA.png 400w, https:\/\/biblioargentina.gob.ar\/web\/wp-content\/uploads\/2021\/05\/Imagen-para-WordPress-HEMEROTECA-300x300.png 300w, https:\/\/biblioargentina.gob.ar\/web\/wp-content\/uploads\/2021\/05\/Imagen-para-WordPress-HEMEROTECA-150x150.png 150w, https:\/\/biblioargentina.gob.ar\/web\/wp-content\/uploads\/2021\/05\/Imagen-para-WordPress-HEMEROTECA-360x360.png 360w\" sizes=\"auto, (max-width: 400px) 100vw, 400px\" \/><\/figure>\n\n\n\n<blockquote class=\"wp-block-quote has-text-align-center is-style-large is-layout-flow wp-block-quote-is-layout-flow\">\n<h2 class=\"wp-block-heading\"><a href=\"https:\/\/biblioargentina.gob.ar\/web\/hemeroteca\/\">Hemeroteca<\/a><\/h2>\n<\/blockquote>\n<\/div>\n\n\n\n<div class=\"wp-block-column is-layout-flow wp-block-column-is-layout-flow\">\n<figure class=\"wp-block-image alignleft size-full is-resized is-style-rounded\"><img loading=\"lazy\" decoding=\"async\" width=\"2560\" height=\"2560\" src=\"https:\/\/biblioargentina.gob.ar\/web\/wp-content\/uploads\/2022\/01\/Foto-Biblioteca-Depositaria-de-las-Naciones-Unidas-1-scaled.jpg\" alt=\"En la foto se observa un vidrio con el texto que dice Biblioteca ONU y detr\u00e1s un sector de estanter\u00edas m\u00f3viles para almacenamiento de libros.\" class=\"wp-image-7387\" style=\"width:150px;height:150px\" srcset=\"https:\/\/biblioargentina.gob.ar\/web\/wp-content\/uploads\/2022\/01\/Foto-Biblioteca-Depositaria-de-las-Naciones-Unidas-1-scaled.jpg 2560w, https:\/\/biblioargentina.gob.ar\/web\/wp-content\/uploads\/2022\/01\/Foto-Biblioteca-Depositaria-de-las-Naciones-Unidas-1-300x300.jpg 300w, https:\/\/biblioargentina.gob.ar\/web\/wp-content\/uploads\/2022\/01\/Foto-Biblioteca-Depositaria-de-las-Naciones-Unidas-1-1024x1024.jpg 1024w, https:\/\/biblioargentina.gob.ar\/web\/wp-content\/uploads\/2022\/01\/Foto-Biblioteca-Depositaria-de-las-Naciones-Unidas-1-150x150.jpg 150w, https:\/\/biblioargentina.gob.ar\/web\/wp-content\/uploads\/2022\/01\/Foto-Biblioteca-Depositaria-de-las-Naciones-Unidas-1-768x768.jpg 768w, https:\/\/biblioargentina.gob.ar\/web\/wp-content\/uploads\/2022\/01\/Foto-Biblioteca-Depositaria-de-las-Naciones-Unidas-1-1536x1536.jpg 1536w, https:\/\/biblioargentina.gob.ar\/web\/wp-content\/uploads\/2022\/01\/Foto-Biblioteca-Depositaria-de-las-Naciones-Unidas-1-2048x2048.jpg 2048w, https:\/\/biblioargentina.gob.ar\/web\/wp-content\/uploads\/2022\/01\/Foto-Biblioteca-Depositaria-de-las-Naciones-Unidas-1-720x720.jpg 720w, https:\/\/biblioargentina.gob.ar\/web\/wp-content\/uploads\/2022\/01\/Foto-Biblioteca-Depositaria-de-las-Naciones-Unidas-1-360x360.jpg 360w\" sizes=\"auto, (max-width: 2560px) 100vw, 2560px\" \/><\/figure>\n\n\n\n<blockquote class=\"wp-block-quote has-text-align-center is-style-large is-layout-flow wp-block-quote-is-layout-flow\">\n<h2 class=\"wp-block-heading\"><a href=\"https:\/\/biblioargentina.gob.ar\/web\/biblioteca-depositaria-de-las-naciones-unidas\/\" data-type=\"link\" data-id=\"https:\/\/biblioargentina.gob.ar\/web\/biblioteca-depositaria-de-las-naciones-unidas\/\">Biblioteca Depositaria de las Naciones Unidas<\/a><\/h2>\n<\/blockquote>\n<\/div>\n<\/div>\n\n\n\n<h1 class=\"wp-block-heading\">Servicios en l\u00ednea<\/h1>\n\n\n\n<div class=\"wp-block-columns is-layout-flex wp-container-core-columns-is-layout-28f84493 wp-block-columns-is-layout-flex\">\n<div class=\"wp-block-column is-layout-flow wp-block-column-is-layout-flow\">\n<figure class=\"wp-block-image alignleft size-full is-resized is-style-rounded\"><img loading=\"lazy\" decoding=\"async\" width=\"865\" height=\"609\" src=\"https:\/\/biblioargentina.gob.ar\/web\/wp-content\/uploads\/2023\/04\/Imagen-para-WordPress-Coleccion-Historica-Digital-2023-corregida.jpg\" alt=\"Colecci\u00f3n Hist\u00f3rica Digital.\" class=\"wp-image-13437\" style=\"width:150px;height:150px\" srcset=\"https:\/\/biblioargentina.gob.ar\/web\/wp-content\/uploads\/2023\/04\/Imagen-para-WordPress-Coleccion-Historica-Digital-2023-corregida.jpg 865w, https:\/\/biblioargentina.gob.ar\/web\/wp-content\/uploads\/2023\/04\/Imagen-para-WordPress-Coleccion-Historica-Digital-2023-corregida-300x211.jpg 300w, https:\/\/biblioargentina.gob.ar\/web\/wp-content\/uploads\/2023\/04\/Imagen-para-WordPress-Coleccion-Historica-Digital-2023-corregida-768x541.jpg 768w, https:\/\/biblioargentina.gob.ar\/web\/wp-content\/uploads\/2023\/04\/Imagen-para-WordPress-Coleccion-Historica-Digital-2023-corregida-720x507.jpg 720w\" sizes=\"auto, (max-width: 865px) 100vw, 865px\" \/><\/figure>\n\n\n\n<blockquote class=\"wp-block-quote has-text-align-center is-style-large is-layout-flow wp-block-quote-is-layout-flow\">\n<h2 class=\"wp-block-heading\"><a href=\"https:\/\/biblioargentina.gob.ar\/prensa-historica\/#work\">Colecci\u00f3n Hist\u00f3rica Digital de Rosario y de Argentina<\/a><\/h2>\n<\/blockquote>\n<\/div>\n\n\n\n<div class=\"wp-block-column is-layout-flow wp-block-column-is-layout-flow\">\n<figure class=\"wp-block-image alignleft size-full is-resized is-style-rounded\"><img loading=\"lazy\" decoding=\"async\" width=\"400\" height=\"400\" src=\"https:\/\/biblioargentina.gob.ar\/web\/wp-content\/uploads\/2023\/09\/imagen-wordpress-resenas-literarias.png\" alt=\"Foto de la contratapa de un libro sostenida por la mano izquierda de una persona; y con el dedo \u00edndice de la mano derecha se\u00f1ala el texto escrito que aparece en la misma contratapa.\" class=\"wp-image-15232\" style=\"width:150px;height:150px\" srcset=\"https:\/\/biblioargentina.gob.ar\/web\/wp-content\/uploads\/2023\/09\/imagen-wordpress-resenas-literarias.png 400w, https:\/\/biblioargentina.gob.ar\/web\/wp-content\/uploads\/2023\/09\/imagen-wordpress-resenas-literarias-300x300.png 300w, https:\/\/biblioargentina.gob.ar\/web\/wp-content\/uploads\/2023\/09\/imagen-wordpress-resenas-literarias-150x150.png 150w, https:\/\/biblioargentina.gob.ar\/web\/wp-content\/uploads\/2023\/09\/imagen-wordpress-resenas-literarias-360x360.png 360w\" sizes=\"auto, (max-width: 400px) 100vw, 400px\" \/><\/figure>\n\n\n\n<blockquote class=\"wp-block-quote has-text-align-center is-style-large is-layout-flow wp-block-quote-is-layout-flow\">\n<h2 class=\"wp-block-heading\"><a href=\"https:\/\/biblioargentina.gob.ar\/web\/resenas-literarias\/\" data-type=\"link\" data-id=\"https:\/\/biblioargentina.gob.ar\/web\/biblioteca-depositaria-de-las-naciones-unidas\/\">Rese\u00f1as literarias<\/a><\/h2>\n<\/blockquote>\n<\/div>\n<\/div>\n\n\n\n<h3 class=\"wp-block-heading\">Redes sociales<\/h3>\n\n\n\n<h3 class=\"wp-block-heading\"><a href=\"https:\/\/www.instagram.com\/biblioargentina\/\">Instagram<\/a><\/h3>\n\n\n\n<h3 class=\"wp-block-heading\"><a href=\"https:\/\/www.facebook.com\/BibliotecaArgentinaDrJuanAlvarez\/\">Facebook<\/a><\/h3>\n\n\n\n<h3 class=\"wp-block-heading\"><a href=\"https:\/\/twitter.com\/argentinabiblio\">X<\/a><\/h3>\n","protected":false},"excerpt":{"rendered":"<p>Proyectos sociales de la Biblioteca Argentina Agenda Cat\u00e1logo Club de cuenteras y cuenteros Contacto Sala de trabajo grupal Servicio gratuito [&hellip;]<\/p>\n","protected":false},"author":5,"featured_media":0,"parent":0,"menu_order":0,"comment_status":"closed","ping_status":"closed","template":"","meta":{"site-sidebar-layout":"default","site-content-layout":"","ast-site-content-layout":"default","site-content-style":"default","site-sidebar-style":"default","ast-global-header-display":"","ast-banner-title-visibility":"","ast-main-header-display":"","ast-hfb-above-header-display":"","ast-hfb-below-header-display":"","ast-hfb-mobile-header-display":"","site-post-title":"","ast-breadcrumbs-content":"","ast-featured-img":"","footer-sml-layout":"","ast-disable-related-posts":"","theme-transparent-header-meta":"","adv-header-id-meta":"","stick-header-meta":"","header-above-stick-meta":"","header-main-stick-meta":"","header-below-stick-meta":"","astra-migrate-meta-layouts":"default","ast-page-background-enabled":"default","ast-page-background-meta":{"desktop":{"background-color":"var(--ast-global-color-4)","background-image":"","background-repeat":"repeat","background-position":"center center","background-size":"auto","background-attachment":"scroll","background-type":"","background-media":"","overlay-type":"","overlay-color":"","overlay-opacity":"","overlay-gradient":""},"tablet":{"background-color":"","background-image":"","background-repeat":"repeat","background-position":"center center","background-size":"auto","background-attachment":"scroll","background-type":"","background-media":"","overlay-type":"","overlay-color":"","overlay-opacity":"","overlay-gradient":""},"mobile":{"background-color":"","background-image":"","background-repeat":"repeat","background-position":"center center","background-size":"auto","background-attachment":"scroll","background-type":"","background-media":"","overlay-type":"","overlay-color":"","overlay-opacity":"","overlay-gradient":""}},"ast-content-background-meta":{"desktop":{"background-color":"var(--ast-global-color-5)","background-image":"","background-repeat":"repeat","background-position":"center center","background-size":"auto","background-attachment":"scroll","background-type":"","background-media":"","overlay-type":"","overlay-color":"","overlay-opacity":"","overlay-gradient":""},"tablet":{"background-color":"var(--ast-global-color-5)","background-image":"","background-repeat":"repeat","background-position":"center center","background-size":"auto","background-attachment":"scroll","background-type":"","background-media":"","overlay-type":"","overlay-color":"","overlay-opacity":"","overlay-gradient":""},"mobile":{"background-color":"var(--ast-global-color-5)","background-image":"","background-repeat":"repeat","background-position":"center center","background-size":"auto","background-attachment":"scroll","background-type":"","background-media":"","overlay-type":"","overlay-color":"","overlay-opacity":"","overlay-gradient":""}},"footnotes":""},"class_list":["post-3936","page","type-page","status-publish","hentry"],"_links":{"self":[{"href":"https:\/\/biblioargentina.gob.ar\/web\/wp-json\/wp\/v2\/pages\/3936","targetHints":{"allow":["GET"]}}],"collection":[{"href":"https:\/\/biblioargentina.gob.ar\/web\/wp-json\/wp\/v2\/pages"}],"about":[{"href":"https:\/\/biblioargentina.gob.ar\/web\/wp-json\/wp\/v2\/types\/page"}],"author":[{"embeddable":true,"href":"https:\/\/biblioargentina.gob.ar\/web\/wp-json\/wp\/v2\/users\/5"}],"replies":[{"embeddable":true,"href":"https:\/\/biblioargentina.gob.ar\/web\/wp-json\/wp\/v2\/comments?post=3936"}],"version-history":[{"count":583,"href":"https:\/\/biblioargentina.gob.ar\/web\/wp-json\/wp\/v2\/pages\/3936\/revisions"}],"predecessor-version":[{"id":21665,"href":"https:\/\/biblioargentina.gob.ar\/web\/wp-json\/wp\/v2\/pages\/3936\/revisions\/21665"}],"wp:attachment":[{"href":"https:\/\/biblioargentina.gob.ar\/web\/wp-json\/wp\/v2\/media?parent=3936"}],"curies":[{"name":"wp","href":"https:\/\/api.w.org\/{rel}","templated":true}]}}